{"id":1640,"date":"2021-05-30T14:08:16","date_gmt":"2021-05-30T12:08:16","guid":{"rendered":"https:\/\/modereine.fr\/los-secretos-de-la-belleza-natural-descubre-los-consejos-ecorresponsables-del-blog-de-belleza\/"},"modified":"2025-12-18T10:31:55","modified_gmt":"2025-12-18T09:31:55","slug":"los-secretos-de-la-belleza-natural-descubre-los-consejos-ecorresponsables-del-blog-de-belleza","status":"publish","type":"page","link":"https:\/\/modereine.fr\/es\/","title":{"rendered":"Los secretos de la belleza natural: descubre los consejos ecorresponsables del Blog de Belleza"},"content":{"rendered":"<section class=\"gb-container gb-container-fc3a6f7c\" id=\"topsite\">\n<div class=\"gb-container gb-container-a27f440a\" style=\"--background-image: url(https:\/\/modereine.fr\/wp-content\/uploads\/2023\/08\/Design-sans-titre-37.jpg);\">\n<div class=\"gb-container gb-container-b096a21c\">\n\n<h1 class=\"gb-headline gb-headline-36f75209 gb-headline-text\">Los secretos de la belleza natural: descubre los consejos ecorresponsables del Blog de Belleza<\/h1>\n\n\n\n<p class=\"gb-headline gb-headline-b4372897 gb-headline-text\">Para aplicar tu maquillaje, utiliza las brochas, esponjas o puffs adecuados para cada producto. Los pinceles garantizan una aplicaci\u00f3n precisa y uniforme, mientras que las esponjas facilitan el difuminado y la mezcla de los productos. No olvides limpiar tus utensilios con regularidad para evitar la propagaci\u00f3n de bacterias. Y para prolongar el placer de tu rutina de belleza durante el invierno, reg\u00e1late un aut\u00e9ntico momento de bienestar con un delicioso t\u00e9 de Navidad <a href=\"https:\/\/www.compagnie-co.com\/fr\/34-the-de-noel\">Compagnie and co<\/a>.   <br><\/p>\n\n<\/div>\n<\/div>\n<\/section><section class=\"gb-container gb-container-f914b566\" id=\"decouvrir\">\n<div class=\"gb-container gb-container-d07e4266\">\n\n<figure class=\"gb-block-image gb-block-image-b3389bf5\"><img loading=\"lazy\" decoding=\"async\" width=\"960\" height=\"540\" class=\"gb-image gb-image-b3389bf5\" src=\"https:\/\/www.modereine.fr\/wp-content\/uploads\/2023\/08\/Design-sans-titre-38.jpg\" alt=\"\" title=\"maquillaje ecol\u00f3gico\" srcset=\"https:\/\/modereine.fr\/wp-content\/uploads\/2023\/08\/Design-sans-titre-38.jpg 960w, https:\/\/modereine.fr\/wp-content\/uploads\/2023\/08\/Design-sans-titre-38-300x169.jpg 300w, https:\/\/modereine.fr\/wp-content\/uploads\/2023\/08\/Design-sans-titre-38-768x432.jpg 768w\" sizes=\"auto, (max-width: 960px) 100vw, 960px\" \/><\/figure>\n\n<\/div>\n\n<div class=\"gb-container gb-container-1102ab7a\">\n\n<h2 class=\"gb-headline gb-headline-8a916cc0 gb-headline-text\">Maquillaje y cosm\u00e9ticos ecorresponsables<\/h2>\n\n\n\n<p>Muchas marcas de maquillaje y cosm\u00e9ticos han optado por recurrir a m\u00e9todos de producci\u00f3n m\u00e1s responsables y respetuosos con el medio ambiente. <strong>Adoptar estos productos significa apoyar un enfoque responsable a la vez que cuidas tu piel<\/strong>. Pero, \u00bfc\u00f3mo elegir los productos adecuados? He aqu\u00ed algunos consejos:  <\/p>\n\n\n\n<ul class=\"wp-block-list\">\n<li>Elige productos con etiquetas ecol\u00f3gicas u org\u00e1nicas, como Cosm\u00e9bio, Ecocert o NaTrue, que garantizan la calidad y el origen natural de los ingredientes utilizados.<\/li>\n\n\n\n<li>Opta por envases reciclables o rellenables para limitar los residuos.<\/li>\n\n\n\n<li>Favorecer los canales de distribuci\u00f3n cortos y las marcas locales, para fomentar la econom\u00eda local y reducir la huella de carbono asociada al transporte de productos.<\/li>\n<\/ul>\n\n<\/div>\n<\/section><section class=\"gb-container gb-container-d3c5dfdf\">\n\n<h3 class=\"gb-headline gb-headline-c5662e3d gb-headline-text\">Esenciales de maquillaje ecorresponsables<\/h3>\n\n\n\n<p class=\"gb-headline gb-headline-61829882 gb-headline-text\">Para facilitarte las cosas, aqu\u00ed tienes una lista de algunos elementos esenciales que debes incluir en tu neceser de maquillaje:<\/p>\n\n\n\n<ul class=\"wp-block-list\">\n<li>Base de maquillaje ecol\u00f3gica: proporciona una cobertura natural y un acabado aterciopelado, respetando la piel sensible y el medio ambiente.<\/li>\n\n\n\n<li>M\u00e1scara natural: enriquecida con cera de abeja o aceite de ricino, alarga y espesa las pesta\u00f1as sin da\u00f1arlas.<\/li>\n\n\n\n<li>Sombras de ojos y coloretes minerales: pigmentados con polvos minerales, ofrecen una fijaci\u00f3n perfecta y evitan las irritaciones.<\/li>\n\n\n\n<li>Lacas de u\u00f1as sin disolventes: hechas con agua y pigmentos naturales, son menos da\u00f1inas para las u\u00f1as y el medio ambiente.<\/li>\n<\/ul>\n\n\n<div class=\"gb-container gb-container-8cdeea46\">\n<div class=\"gb-container gb-container-6acfc426\"><\/div>\n\n\n<div class=\"gb-headline gb-headline-5552447f\"><span class=\"gb-icon\"><svg xmlns=\"http:\/\/www.w3.org\/2000\/svg\" viewbox=\"0 0 48 48\"><g data-name=\"Layer 2\"><path fill=\"none\" d=\"M0 0h48v48H0z\" data-name=\"invisible box\"><\/path><path d=\"M45.7 36.9c-3.8-6.4-12.3-12.7-18.6-15.2a12.8 12.8 0 0 0-3.4-1c-1.7-.2-2.5-1.4-2.2-2.5s.8-1.4 1.9-1.3c3 .4 7.7 2.3 12.2 5.2l.9.6.3.2 1.2.8a1 1 0 0 0 1.6-.9c-.6-4.7-2.1-9.4-6.5-12.4S21.2 8 14 9.2a80.6 80.6 0 0 1-9.7 1.3H3a.9.9 0 0 0-.9 1.3l.4 1.2c3.1 9.4 7.4 22.3 17.8 25.4a17.4 17.4 0 0 0 4.5.6A19.5 19.5 0 0 0 38 33.7a29.4 29.4 0 0 1 4.3 5.3 1.9 1.9 0 0 0 1.7 1 2.2 2.2 0 0 0 1.3-.4 2.1 2.1 0 0 0 .4-2.7Z\" data-name=\"Q3 icons\"><\/path><\/g><\/svg><\/span><\/div>\n\n\n<div class=\"gb-container gb-container-cb3e05eb\"><\/div>\n<\/div>\n\n<div class=\"gb-grid-wrapper gb-grid-wrapper-602904b1\">\n<div class=\"gb-grid-column gb-grid-column-d642f2a2\"><div class=\"gb-container gb-container-d642f2a2\">\n\n<figure class=\"gb-block-image gb-block-image-efdbf96a\"><img loading=\"lazy\" decoding=\"async\" width=\"960\" height=\"540\" class=\"gb-image gb-image-efdbf96a\" src=\"https:\/\/www.modereine.fr\/wp-content\/uploads\/2023\/08\/Design-sans-titre-40.jpg\" alt=\"\" title=\"Dise\u00f1o sin t\u00edtulo (40)\" srcset=\"https:\/\/modereine.fr\/wp-content\/uploads\/2023\/08\/Design-sans-titre-40.jpg 960w, https:\/\/modereine.fr\/wp-content\/uploads\/2023\/08\/Design-sans-titre-40-300x169.jpg 300w, https:\/\/modereine.fr\/wp-content\/uploads\/2023\/08\/Design-sans-titre-40-768x432.jpg 768w\" sizes=\"auto, (max-width: 960px) 100vw, 960px\" \/><\/figure>\n\n<\/div><\/div>\n\n<div class=\"gb-grid-column gb-grid-column-7dfcdd8f\"><div class=\"gb-container gb-container-7dfcdd8f\">\n\n<figure class=\"gb-block-image gb-block-image-cc63872e\"><img loading=\"lazy\" decoding=\"async\" width=\"960\" height=\"540\" class=\"gb-image gb-image-cc63872e\" src=\"https:\/\/www.modereine.fr\/wp-content\/uploads\/2023\/08\/Design-sans-titre-39.jpg\" alt=\"\" title=\"Dise\u00f1o sin t\u00edtulo (39)\" srcset=\"https:\/\/modereine.fr\/wp-content\/uploads\/2023\/08\/Design-sans-titre-39.jpg 960w, https:\/\/modereine.fr\/wp-content\/uploads\/2023\/08\/Design-sans-titre-39-300x169.jpg 300w, https:\/\/modereine.fr\/wp-content\/uploads\/2023\/08\/Design-sans-titre-39-768x432.jpg 768w\" sizes=\"auto, (max-width: 960px) 100vw, 960px\" \/><\/figure>\n\n<\/div><\/div>\n\n<div class=\"gb-grid-column gb-grid-column-0e36703c\"><div class=\"gb-container gb-container-0e36703c\">\n\n<figure class=\"gb-block-image gb-block-image-bbad3ac5\"><img loading=\"lazy\" decoding=\"async\" width=\"960\" height=\"540\" class=\"gb-image gb-image-bbad3ac5\" src=\"https:\/\/www.modereine.fr\/wp-content\/uploads\/2023\/08\/Design-sans-titre-41.jpg\" alt=\"\" title=\"Dise\u00f1o sin t\u00edtulo (41)\" srcset=\"https:\/\/modereine.fr\/wp-content\/uploads\/2023\/08\/Design-sans-titre-41.jpg 960w, https:\/\/modereine.fr\/wp-content\/uploads\/2023\/08\/Design-sans-titre-41-300x169.jpg 300w, https:\/\/modereine.fr\/wp-content\/uploads\/2023\/08\/Design-sans-titre-41-768x432.jpg 768w\" sizes=\"auto, (max-width: 960px) 100vw, 960px\" \/><\/figure>\n\n<\/div><\/div>\n<\/div>\n\n<div class=\"gb-container gb-container-74755257\">\n\n<h2 class=\"gb-headline gb-headline-5349345f\"><span class=\"gb-icon\"><svg xmlns=\"http:\/\/www.w3.org\/2000\/svg\" aria-hidden=\"true\" role=\"img\" height=\"1em\" width=\"1em\" viewbox=\"0 0 512 512\"><path fill=\"currentColor\" d=\"M256 8C119 8 8 119 8 256s111 248 248 248 248-111 248-248S393 8 256 8zm0 448c-110.5 0-200-89.5-200-200S145.5 56 256 56s200 89.5 200 200-89.5 200-200 200z\"><\/path><\/svg><\/span><span class=\"gb-headline-text\">maquillaje<\/span><\/h2>\n\n\n\n<div class=\"gb-grid-wrapper gb-grid-wrapper-ad3e3527 gb-query-loop-wrapper\">\n<div class=\"gb-grid-column gb-grid-column-63934c65 gb-query-loop-item post-1678 post type-post status-publish format-standard has-post-thumbnail hentry category-belleza category-maquillaje\"><article class=\"gb-container gb-container-63934c65\">\n<figure class=\"gb-block-image gb-block-image-2e6660e2\"><a href=\"https:\/\/modereine.fr\/wp-content\/uploads\/2023\/08\/Design-sans-titre-63.jpg\"><img loading=\"lazy\" decoding=\"async\" width=\"960\" height=\"540\" src=\"https:\/\/modereine.fr\/wp-content\/uploads\/2023\/08\/Design-sans-titre-63.jpg\" class=\"gb-image-2e6660e2\" alt=\"\" srcset=\"https:\/\/modereine.fr\/wp-content\/uploads\/2023\/08\/Design-sans-titre-63.jpg 960w, https:\/\/modereine.fr\/wp-content\/uploads\/2023\/08\/Design-sans-titre-63-300x169.jpg 300w, https:\/\/modereine.fr\/wp-content\/uploads\/2023\/08\/Design-sans-titre-63-768x432.jpg 768w\" sizes=\"auto, (max-width: 960px) 100vw, 960px\" \/><\/a><\/figure>\n\n<h3 class=\"gb-headline gb-headline-32d6a52a gb-headline-text\"><a href=\"https:\/\/modereine.fr\/es\/2023\/08\/28\/ojos-ahumados-consejos-de-los-profesionales-para-unos-ojos-ahumados-irresistibles\/\">Ojos ahumados: Consejos de los profesionales para unos ojos ahumados irresistibles<\/a><\/h3>\n\n<div class=\"gb-container gb-container-48d88b31\">\n<p class=\"gb-headline gb-headline-b5961321\"><span class=\"gb-icon\"><svg xmlns=\"http:\/\/www.w3.org\/2000\/svg\" viewbox=\"0 0 448 512\" width=\"1em\" height=\"1em\" aria-hidden=\"true\"><path d=\"M148 288h-40c-6.6 0-12-5.4-12-12v-40c0-6.6 5.4-12 12-12h40c6.6 0 12 5.4 12 12v40c0 6.6-5.4 12-12 12zm108-12v-40c0-6.6-5.4-12-12-12h-40c-6.6 0-12 5.4-12 12v40c0 6.6 5.4 12 12 12h40c6.6 0 12-5.4 12-12zm96 0v-40c0-6.6-5.4-12-12-12h-40c-6.6 0-12 5.4-12 12v40c0 6.6 5.4 12 12 12h40c6.6 0 12-5.4 12-12zm-96 96v-40c0-6.6-5.4-12-12-12h-40c-6.6 0-12 5.4-12 12v40c0 6.6 5.4 12 12 12h40c6.6 0 12-5.4 12-12zm-96 0v-40c0-6.6-5.4-12-12-12h-40c-6.6 0-12 5.4-12 12v40c0 6.6 5.4 12 12 12h40c6.6 0 12-5.4 12-12zm192 0v-40c0-6.6-5.4-12-12-12h-40c-6.6 0-12 5.4-12 12v40c0 6.6 5.4 12 12 12h40c6.6 0 12-5.4 12-12zm96-260v352c0 26.5-21.5 48-48 48H48c-26.5 0-48-21.5-48-48V112c0-26.5 21.5-48 48-48h48V12c0-6.6 5.4-12 12-12h40c6.6 0 12 5.4 12 12v52h128V12c0-6.6 5.4-12 12-12h40c6.6 0 12 5.4 12 12v52h48c26.5 0 48 21.5 48 48zm-48 346V160H48v298c0 3.3 2.7 6 6 6h340c3.3 0 6-2.7 6-6z\" fill=\"currentColor\"><\/path><\/svg><\/span><span class=\"gb-headline-text\"><time class=\"entry-date published\" datetime=\"2023-08-28T16:45:13+02:00\">28 agosto 2023<\/time><\/span><\/p>\n\n<div class=\"wp-block-post-excerpt\"><p class=\"wp-block-post-excerpt__excerpt\">El efecto de ojos ahumados es una t\u00e9cnica de maquillaje atemporal que a\u00f1ade misterio y profundidad a tus ojos. Para evitar cualquier paso en falso y crear un efecto irresistible,&hellip;<\/p><p class=\"wp-block-post-excerpt__more-text\"><a class=\"wp-block-post-excerpt__more-link\" href=\"https:\/\/modereine.fr\/es\/2023\/08\/28\/ojos-ahumados-consejos-de-los-profesionales-para-unos-ojos-ahumados-irresistibles\/\">Leer el art\u00edculo<\/a><\/p><\/div>\n<\/div>\n<\/article><\/div>\n\n<div class=\"gb-grid-column gb-grid-column-63934c65 gb-query-loop-item post-1709 post type-post status-publish format-standard has-post-thumbnail hentry category-belleza category-maquillaje\"><article class=\"gb-container gb-container-63934c65\">\n<figure class=\"gb-block-image gb-block-image-2e6660e2\"><a href=\"https:\/\/modereine.fr\/wp-content\/uploads\/2023\/08\/Design-sans-titre-51.jpg\"><img loading=\"lazy\" decoding=\"async\" width=\"960\" height=\"540\" src=\"https:\/\/modereine.fr\/wp-content\/uploads\/2023\/08\/Design-sans-titre-51.jpg\" class=\"gb-image-2e6660e2\" alt=\"\" srcset=\"https:\/\/modereine.fr\/wp-content\/uploads\/2023\/08\/Design-sans-titre-51.jpg 960w, https:\/\/modereine.fr\/wp-content\/uploads\/2023\/08\/Design-sans-titre-51-300x169.jpg 300w, https:\/\/modereine.fr\/wp-content\/uploads\/2023\/08\/Design-sans-titre-51-768x432.jpg 768w\" sizes=\"auto, (max-width: 960px) 100vw, 960px\" \/><\/a><\/figure>\n\n<h3 class=\"gb-headline gb-headline-32d6a52a gb-headline-text\"><a href=\"https:\/\/modereine.fr\/es\/2023\/08\/28\/maquillaje-para-ojos-azules-consejos-para-realzar-tus-ojos\/\">Maquillaje para ojos azules: Consejos para realzar tus ojos<\/a><\/h3>\n\n<div class=\"gb-container gb-container-48d88b31\">\n<p class=\"gb-headline gb-headline-b5961321\"><span class=\"gb-icon\"><svg xmlns=\"http:\/\/www.w3.org\/2000\/svg\" viewbox=\"0 0 448 512\" width=\"1em\" height=\"1em\" aria-hidden=\"true\"><path d=\"M148 288h-40c-6.6 0-12-5.4-12-12v-40c0-6.6 5.4-12 12-12h40c6.6 0 12 5.4 12 12v40c0 6.6-5.4 12-12 12zm108-12v-40c0-6.6-5.4-12-12-12h-40c-6.6 0-12 5.4-12 12v40c0 6.6 5.4 12 12 12h40c6.6 0 12-5.4 12-12zm96 0v-40c0-6.6-5.4-12-12-12h-40c-6.6 0-12 5.4-12 12v40c0 6.6 5.4 12 12 12h40c6.6 0 12-5.4 12-12zm-96 96v-40c0-6.6-5.4-12-12-12h-40c-6.6 0-12 5.4-12 12v40c0 6.6 5.4 12 12 12h40c6.6 0 12-5.4 12-12zm-96 0v-40c0-6.6-5.4-12-12-12h-40c-6.6 0-12 5.4-12 12v40c0 6.6 5.4 12 12 12h40c6.6 0 12-5.4 12-12zm192 0v-40c0-6.6-5.4-12-12-12h-40c-6.6 0-12 5.4-12 12v40c0 6.6 5.4 12 12 12h40c6.6 0 12-5.4 12-12zm96-260v352c0 26.5-21.5 48-48 48H48c-26.5 0-48-21.5-48-48V112c0-26.5 21.5-48 48-48h48V12c0-6.6 5.4-12 12-12h40c6.6 0 12 5.4 12 12v52h128V12c0-6.6 5.4-12 12-12h40c6.6 0 12 5.4 12 12v52h48c26.5 0 48 21.5 48 48zm-48 346V160H48v298c0 3.3 2.7 6 6 6h340c3.3 0 6-2.7 6-6z\" fill=\"currentColor\"><\/path><\/svg><\/span><span class=\"gb-headline-text\"><time class=\"entry-date published\" datetime=\"2023-08-28T16:35:10+02:00\">28 agosto 2023<\/time><\/span><\/p>\n\n<div class=\"wp-block-post-excerpt\"><p class=\"wp-block-post-excerpt__excerpt\">Los ojos azules suelen considerarse raros y misteriosos, lo que los hace especialmente seductores. Para realzar esta belleza natural, es esencial utilizar un maquillaje adecuado al color de tus ojos.&hellip;<\/p><p class=\"wp-block-post-excerpt__more-text\"><a class=\"wp-block-post-excerpt__more-link\" href=\"https:\/\/modereine.fr\/es\/2023\/08\/28\/maquillaje-para-ojos-azules-consejos-para-realzar-tus-ojos\/\">Leer el art\u00edculo<\/a><\/p><\/div>\n<\/div>\n<\/article><\/div>\n<\/div>\n\n<\/div>\n<\/section><section class=\"gb-container gb-container-7e1ed671\">\n\n<h2 class=\"gb-headline gb-headline-8896ef08 gb-headline-text\">Las \u00faltimas tendencias en el cuidado de la piel<\/h2>\n\n\n\n<p class=\"gb-headline gb-headline-4aee8b7a gb-headline-text\">M\u00e1s all\u00e1 del maquillaje, cuidar la piel tambi\u00e9n es esencial para tener un cutis fresco y radiante. Tambi\u00e9n en este caso, los productos naturales y ecorresponsables est\u00e1n de moda. He aqu\u00ed algunas de las \u00faltimas tendencias para el cuidado de la piel:  <\/p>\n\n\n<div class=\"gb-container gb-container-756a6e4a\">\n<div class=\"gb-container gb-container-ed886964\"><\/div>\n\n\n<div class=\"gb-headline gb-headline-a38e7c1c\"><span class=\"gb-icon\"><svg xmlns=\"http:\/\/www.w3.org\/2000\/svg\" viewbox=\"0 0 48 48\"><g data-name=\"Layer 2\"><path fill=\"none\" d=\"M0 0h48v48H0z\" data-name=\"invisible box\"><\/path><path d=\"M45.7 36.9c-3.8-6.4-12.3-12.7-18.6-15.2a12.8 12.8 0 0 0-3.4-1c-1.7-.2-2.5-1.4-2.2-2.5s.8-1.4 1.9-1.3c3 .4 7.7 2.3 12.2 5.2l.9.6.3.2 1.2.8a1 1 0 0 0 1.6-.9c-.6-4.7-2.1-9.4-6.5-12.4S21.2 8 14 9.2a80.6 80.6 0 0 1-9.7 1.3H3a.9.9 0 0 0-.9 1.3l.4 1.2c3.1 9.4 7.4 22.3 17.8 25.4a17.4 17.4 0 0 0 4.5.6A19.5 19.5 0 0 0 38 33.7a29.4 29.4 0 0 1 4.3 5.3 1.9 1.9 0 0 0 1.7 1 2.2 2.2 0 0 0 1.3-.4 2.1 2.1 0 0 0 .4-2.7Z\" data-name=\"Q3 icons\"><\/path><\/g><\/svg><\/span><\/div>\n\n\n<div class=\"gb-container gb-container-091135ca\"><\/div>\n<\/div>\n\n<div class=\"gb-container gb-container-2d89b995\">\n\n<h2 class=\"gb-headline gb-headline-29538d3e gb-headline-text\">atenci\u00f3n<\/h2>\n\n\n\n<div class=\"gb-grid-wrapper gb-grid-wrapper-54bcb557 gb-query-loop-wrapper\">\n<div class=\"gb-grid-column gb-grid-column-a8e9c75f gb-query-loop-item post-1686 post type-post status-publish format-standard has-post-thumbnail hentry category-atencion category-belleza\"><article class=\"gb-container gb-container-a8e9c75f\">\n<figure class=\"gb-block-image gb-block-image-8ee6a685\"><a href=\"https:\/\/modereine.fr\/wp-content\/uploads\/2024\/05\/efficacite_masque_led_nooance.png\"><img loading=\"lazy\" decoding=\"async\" width=\"1024\" height=\"585\" src=\"https:\/\/modereine.fr\/wp-content\/uploads\/2024\/05\/efficacite_masque_led_nooance-1024x585.png\" class=\"gb-image-8ee6a685\" alt=\"\" srcset=\"https:\/\/modereine.fr\/wp-content\/uploads\/2024\/05\/efficacite_masque_led_nooance-1024x585.png 1024w, https:\/\/modereine.fr\/wp-content\/uploads\/2024\/05\/efficacite_masque_led_nooance-300x171.png 300w, https:\/\/modereine.fr\/wp-content\/uploads\/2024\/05\/efficacite_masque_led_nooance-768x439.png 768w, https:\/\/modereine.fr\/wp-content\/uploads\/2024\/05\/efficacite_masque_led_nooance-1536x878.png 1536w, https:\/\/modereine.fr\/wp-content\/uploads\/2024\/05\/efficacite_masque_led_nooance.png 1792w\" sizes=\"auto, (max-width: 1024px) 100vw, 1024px\" \/><\/a><\/figure>\n\n<h3 class=\"gb-headline gb-headline-e199a5d9 gb-headline-text\"><a href=\"https:\/\/modereine.fr\/es\/2024\/05\/07\/son-eficaces-las-mascarillas-led\/\">\u00bfSon eficaces las mascarillas LED?<\/a><\/h3>\n\n<div class=\"gb-container gb-container-483b5444\">\n<p class=\"gb-headline gb-headline-09841f3b\"><span class=\"gb-icon\"><svg xmlns=\"http:\/\/www.w3.org\/2000\/svg\" viewbox=\"0 0 448 512\" width=\"1em\" height=\"1em\" aria-hidden=\"true\"><path d=\"M148 288h-40c-6.6 0-12-5.4-12-12v-40c0-6.6 5.4-12 12-12h40c6.6 0 12 5.4 12 12v40c0 6.6-5.4 12-12 12zm108-12v-40c0-6.6-5.4-12-12-12h-40c-6.6 0-12 5.4-12 12v40c0 6.6 5.4 12 12 12h40c6.6 0 12-5.4 12-12zm96 0v-40c0-6.6-5.4-12-12-12h-40c-6.6 0-12 5.4-12 12v40c0 6.6 5.4 12 12 12h40c6.6 0 12-5.4 12-12zm-96 96v-40c0-6.6-5.4-12-12-12h-40c-6.6 0-12 5.4-12 12v40c0 6.6 5.4 12 12 12h40c6.6 0 12-5.4 12-12zm-96 0v-40c0-6.6-5.4-12-12-12h-40c-6.6 0-12 5.4-12 12v40c0 6.6 5.4 12 12 12h40c6.6 0 12-5.4 12-12zm192 0v-40c0-6.6-5.4-12-12-12h-40c-6.6 0-12 5.4-12 12v40c0 6.6 5.4 12 12 12h40c6.6 0 12-5.4 12-12zm96-260v352c0 26.5-21.5 48-48 48H48c-26.5 0-48-21.5-48-48V112c0-26.5 21.5-48 48-48h48V12c0-6.6 5.4-12 12-12h40c6.6 0 12 5.4 12 12v52h128V12c0-6.6 5.4-12 12-12h40c6.6 0 12 5.4 12 12v52h48c26.5 0 48 21.5 48 48zm-48 346V160H48v298c0 3.3 2.7 6 6 6h340c3.3 0 6-2.7 6-6z\" fill=\"currentColor\"><\/path><\/svg><\/span><span class=\"gb-headline-text\"><time class=\"entry-date published\" datetime=\"2024-05-07T15:56:11+02:00\">7 mayo 2024<\/time><\/span><\/p>\n\n<div class=\"wp-block-post-excerpt\"><p class=\"wp-block-post-excerpt__excerpt\">Eficacia de las mascarillas LED: an\u00e1lisis y recomendaciones \u00bfTe preguntas si las mascarillas LED son realmente la soluci\u00f3n milagrosa para problemas de la piel como el acn\u00e9, las arrugas o&hellip;<\/p><p class=\"wp-block-post-excerpt__more-text\"><a class=\"wp-block-post-excerpt__more-link\" href=\"https:\/\/modereine.fr\/es\/2024\/05\/07\/son-eficaces-las-mascarillas-led\/\">Leer el art\u00edculo<\/a><\/p><\/div>\n<\/div>\n<\/article><\/div>\n\n<div class=\"gb-grid-column gb-grid-column-a8e9c75f gb-query-loop-item post-1682 post type-post status-publish format-standard has-post-thumbnail hentry category-atencion category-belleza\"><article class=\"gb-container gb-container-a8e9c75f\">\n<figure class=\"gb-block-image gb-block-image-8ee6a685\"><a href=\"https:\/\/modereine.fr\/wp-content\/uploads\/2023\/08\/Design-sans-titre-66.jpg\"><img loading=\"lazy\" decoding=\"async\" width=\"960\" height=\"540\" src=\"https:\/\/modereine.fr\/wp-content\/uploads\/2023\/08\/Design-sans-titre-66.jpg\" class=\"gb-image-8ee6a685\" alt=\"\" srcset=\"https:\/\/modereine.fr\/wp-content\/uploads\/2023\/08\/Design-sans-titre-66.jpg 960w, https:\/\/modereine.fr\/wp-content\/uploads\/2023\/08\/Design-sans-titre-66-300x169.jpg 300w, https:\/\/modereine.fr\/wp-content\/uploads\/2023\/08\/Design-sans-titre-66-768x432.jpg 768w\" sizes=\"auto, (max-width: 960px) 100vw, 960px\" \/><\/a><\/figure>\n\n<h3 class=\"gb-headline gb-headline-e199a5d9 gb-headline-text\"><a href=\"https:\/\/modereine.fr\/es\/2023\/08\/28\/mascarilla-antiimperfecciones-la-solucion-natural-para-una-piel-mas-clara\/\">Mascarilla antiimperfecciones: la soluci\u00f3n natural para una piel m\u00e1s clara<\/a><\/h3>\n\n<div class=\"gb-container gb-container-483b5444\">\n<p class=\"gb-headline gb-headline-09841f3b\"><span class=\"gb-icon\"><svg xmlns=\"http:\/\/www.w3.org\/2000\/svg\" viewbox=\"0 0 448 512\" width=\"1em\" height=\"1em\" aria-hidden=\"true\"><path d=\"M148 288h-40c-6.6 0-12-5.4-12-12v-40c0-6.6 5.4-12 12-12h40c6.6 0 12 5.4 12 12v40c0 6.6-5.4 12-12 12zm108-12v-40c0-6.6-5.4-12-12-12h-40c-6.6 0-12 5.4-12 12v40c0 6.6 5.4 12 12 12h40c6.6 0 12-5.4 12-12zm96 0v-40c0-6.6-5.4-12-12-12h-40c-6.6 0-12 5.4-12 12v40c0 6.6 5.4 12 12 12h40c6.6 0 12-5.4 12-12zm-96 96v-40c0-6.6-5.4-12-12-12h-40c-6.6 0-12 5.4-12 12v40c0 6.6 5.4 12 12 12h40c6.6 0 12-5.4 12-12zm-96 0v-40c0-6.6-5.4-12-12-12h-40c-6.6 0-12 5.4-12 12v40c0 6.6 5.4 12 12 12h40c6.6 0 12-5.4 12-12zm192 0v-40c0-6.6-5.4-12-12-12h-40c-6.6 0-12 5.4-12 12v40c0 6.6 5.4 12 12 12h40c6.6 0 12-5.4 12-12zm96-260v352c0 26.5-21.5 48-48 48H48c-26.5 0-48-21.5-48-48V112c0-26.5 21.5-48 48-48h48V12c0-6.6 5.4-12 12-12h40c6.6 0 12 5.4 12 12v52h128V12c0-6.6 5.4-12 12-12h40c6.6 0 12 5.4 12 12v52h48c26.5 0 48 21.5 48 48zm-48 346V160H48v298c0 3.3 2.7 6 6 6h340c3.3 0 6-2.7 6-6z\" fill=\"currentColor\"><\/path><\/svg><\/span><span class=\"gb-headline-text\"><time class=\"entry-date published\" datetime=\"2023-08-28T16:48:31+02:00\">28 agosto 2023<\/time><\/span><\/p>\n\n<div class=\"wp-block-post-excerpt\"><p class=\"wp-block-post-excerpt__excerpt\">Las manchas cut\u00e1neas son un problema com\u00fan que puede afectar tanto a adolescentes como a adultos. Los puntos negros, los granos y otros problemas cut\u00e1neos pueden deberse a diversos factores,&hellip;<\/p><p class=\"wp-block-post-excerpt__more-text\"><a class=\"wp-block-post-excerpt__more-link\" href=\"https:\/\/modereine.fr\/es\/2023\/08\/28\/mascarilla-antiimperfecciones-la-solucion-natural-para-una-piel-mas-clara\/\">Leer el art\u00edculo<\/a><\/p><\/div>\n<\/div>\n<\/article><\/div>\n\n<div class=\"gb-grid-column gb-grid-column-a8e9c75f gb-query-loop-item post-1713 post type-post status-publish format-standard has-post-thumbnail hentry category-atencion category-belleza\"><article class=\"gb-container gb-container-a8e9c75f\">\n<figure class=\"gb-block-image gb-block-image-8ee6a685\"><a href=\"https:\/\/modereine.fr\/wp-content\/uploads\/2023\/08\/Design-sans-titre-46.jpg\"><img loading=\"lazy\" decoding=\"async\" width=\"960\" height=\"540\" src=\"https:\/\/modereine.fr\/wp-content\/uploads\/2023\/08\/Design-sans-titre-46.jpg\" class=\"gb-image-8ee6a685\" alt=\"\" srcset=\"https:\/\/modereine.fr\/wp-content\/uploads\/2023\/08\/Design-sans-titre-46.jpg 960w, https:\/\/modereine.fr\/wp-content\/uploads\/2023\/08\/Design-sans-titre-46-300x169.jpg 300w, https:\/\/modereine.fr\/wp-content\/uploads\/2023\/08\/Design-sans-titre-46-768x432.jpg 768w\" sizes=\"auto, (max-width: 960px) 100vw, 960px\" \/><\/a><\/figure>\n\n<h3 class=\"gb-headline gb-headline-e199a5d9 gb-headline-text\"><a href=\"https:\/\/modereine.fr\/es\/2023\/08\/28\/los-secretos-para-combatir-los-granos-en-la-cara-de-los-adultos\/\">Los secretos para combatir los granos en la cara de los adultos<\/a><\/h3>\n\n<div class=\"gb-container gb-container-483b5444\">\n<p class=\"gb-headline gb-headline-09841f3b\"><span class=\"gb-icon\"><svg xmlns=\"http:\/\/www.w3.org\/2000\/svg\" viewbox=\"0 0 448 512\" width=\"1em\" height=\"1em\" aria-hidden=\"true\"><path d=\"M148 288h-40c-6.6 0-12-5.4-12-12v-40c0-6.6 5.4-12 12-12h40c6.6 0 12 5.4 12 12v40c0 6.6-5.4 12-12 12zm108-12v-40c0-6.6-5.4-12-12-12h-40c-6.6 0-12 5.4-12 12v40c0 6.6 5.4 12 12 12h40c6.6 0 12-5.4 12-12zm96 0v-40c0-6.6-5.4-12-12-12h-40c-6.6 0-12 5.4-12 12v40c0 6.6 5.4 12 12 12h40c6.6 0 12-5.4 12-12zm-96 96v-40c0-6.6-5.4-12-12-12h-40c-6.6 0-12 5.4-12 12v40c0 6.6 5.4 12 12 12h40c6.6 0 12-5.4 12-12zm-96 0v-40c0-6.6-5.4-12-12-12h-40c-6.6 0-12 5.4-12 12v40c0 6.6 5.4 12 12 12h40c6.6 0 12-5.4 12-12zm192 0v-40c0-6.6-5.4-12-12-12h-40c-6.6 0-12 5.4-12 12v40c0 6.6 5.4 12 12 12h40c6.6 0 12-5.4 12-12zm96-260v352c0 26.5-21.5 48-48 48H48c-26.5 0-48-21.5-48-48V112c0-26.5 21.5-48 48-48h48V12c0-6.6 5.4-12 12-12h40c6.6 0 12 5.4 12 12v52h128V12c0-6.6 5.4-12 12-12h40c6.6 0 12 5.4 12 12v52h48c26.5 0 48 21.5 48 48zm-48 346V160H48v298c0 3.3 2.7 6 6 6h340c3.3 0 6-2.7 6-6z\" fill=\"currentColor\"><\/path><\/svg><\/span><span class=\"gb-headline-text\"><time class=\"entry-date published\" datetime=\"2023-08-28T16:30:46+02:00\">28 agosto 2023<\/time><\/span><\/p>\n\n<div class=\"wp-block-post-excerpt\"><p class=\"wp-block-post-excerpt__excerpt\">Los granos en la cara no son s\u00f3lo cosa de adolescentes. Muchos adultos tambi\u00e9n sufrenacn\u00e9 y otros problemas cut\u00e1neos. Es un problema que afecta tanto a hombres como a mujeres.&hellip;<\/p><p class=\"wp-block-post-excerpt__more-text\"><a class=\"wp-block-post-excerpt__more-link\" href=\"https:\/\/modereine.fr\/es\/2023\/08\/28\/los-secretos-para-combatir-los-granos-en-la-cara-de-los-adultos\/\">Leer el art\u00edculo<\/a><\/p><\/div>\n<\/div>\n<\/article><\/div>\n<\/div>\n\n<\/div>\n\n<div class=\"gb-grid-wrapper gb-grid-wrapper-b899c9df\">\n<div class=\"gb-grid-column gb-grid-column-cdc626f3\"><div class=\"gb-container gb-container-cdc626f3\">\n\n<div class=\"gb-headline gb-headline-887bd51e\"><span class=\"gb-icon\"><svg xmlns:xlink=\"http:\/\/www.w3.org\/1999\/xlink\" xmlns=\"http:\/\/www.w3.org\/2000\/svg\" xml:space=\"preserve\" style=\"enable-background:new 0 0 512 512\" viewbox=\"0 0 128 128\" y=\"0\" x=\"0\" height=\"512\" width=\"512\" version=\"1.1\"><g><path opacity=\"1\" data-original=\"#000000\" fill=\"#f2b02b\" d=\"M102.5 100.75H89.564a29.657 29.657 0 0 0 4.175-31.2 16.159 16.159 0 0 0-14.167-28.93v-5.745a1.75 1.75 0 0 0-1.75-1.75h-2.135l1.266-7.325a1.75 1.75 0 0 0-1.724-2.048H58.042a1.75 1.75 0 0 0-1.725 2.048l1.266 7.327h-5.031a1.75 1.75 0 0 0-1.53 2.6l2.678 4.81V42.8a23.253 23.253 0 0 1-7.242 17.124 29.492 29.492 0 0 0-8.748 14.944c-6.294.385-11.323 6.808-11.323 14.671A16.254 16.254 0 0 0 30.6 100.75h-5.1a1.75 1.75 0 0 0 0 3.5h77a1.75 1.75 0 0 0 0-3.5zm-4.385-45.074a12.71 12.71 0 0 1-6.006 10.769 29.7 29.7 0 0 0-5.3-6.518 23.077 23.077 0 0 1-7.182-15.5 12.666 12.666 0 0 1 18.488 11.249zM60.12 27.25h13.03l-1.015 5.875h-11zm11.41 9.375-1.43 8.25h-6.934l-1.426-8.25zM48.829 62.5A26.762 26.762 0 0 0 57.2 42.8v-2.72a1.746 1.746 0 0 0-.221-.85l-1.45-2.608h2.661l1.779 10.3a1.75 1.75 0 0 0 1.725 1.452h9.886a1.751 1.751 0 0 0 1.72-1.451l1.779-10.3h.99V42.8c0 .179.01.357.014.536a1.511 1.511 0 0 0 0 .178A26.7 26.7 0 0 0 84.441 62.5a26.239 26.239 0 0 1 .357 38.25H60.252a10.771 10.771 0 0 0 2.035-4.5h19.806a1.748 1.748 0 0 0 1.352-.64A21.836 21.836 0 0 0 88.4 81.8a21.531 21.531 0 0 0-7.007-15.989 29.785 29.785 0 0 1-6.1-7.961 1.75 1.75 0 0 0-1.546-.929H59.528a1.75 1.75 0 0 0-1.546.929 29.81 29.81 0 0 1-6.1 7.961 21.634 21.634 0 0 0-6.59 11.812 11.075 11.075 0 0 0-4.092-2.331A26.018 26.018 0 0 1 48.829 62.5zm13.7 30.25a15.816 15.816 0 0 0-2.122-6.98 15.284 15.284 0 0 0-7.385-6.621 11.275 11.275 0 0 0-4.308-.84 18.157 18.157 0 0 1 5.535-9.93 33.137 33.137 0 0 0 6.308-7.962h12.151a33.176 33.176 0 0 0 6.308 7.962A18.066 18.066 0 0 1 84.9 81.8a18.321 18.321 0 0 1-3.659 10.95zM45.85 82.569a5.861 5.861 0 0 1 2.958-.769 7.843 7.843 0 0 1 2.914.6 11.772 11.772 0 0 1 5.659 5.123 12.023 12.023 0 0 1 1.667 6.955v.025a6.784 6.784 0 0 1-3.148 5.479 6.626 6.626 0 0 1-5.872.172 12.458 12.458 0 0 1-7.266-12.586 6.627 6.627 0 0 1 3.088-4.999zm-15.965 6.973c0-6.181 3.776-11.209 8.417-11.209a6.965 6.965 0 0 1 4.72 1.944 10.282 10.282 0 0 0-3.722 6.8 15.286 15.286 0 0 0 2.041 9.707 16.955 16.955 0 0 0 1.494 2.175 6.982 6.982 0 0 1-4.535 1.791c-4.639 0-8.415-5.028-8.415-11.208z\"><\/path><\/g><\/svg><\/span><\/div>\n\n\n\n<h3 class=\"gb-headline gb-headline-852f6ad1 gb-headline-text\">Aceite limpiador natural<\/h3>\n\n\n<div class=\"gb-container gb-container-a507eaa5\">\n<div class=\"gb-container gb-container-8825a1e5\"><\/div>\n\n<div class=\"gb-container gb-container-a7bca343\"><\/div>\n<\/div>\n\n\n<p class=\"gb-headline gb-headline-83b31096 gb-headline-text\">Est\u00e1n muy de moda los aceites desmaquillantes naturales, que eliminan eficazmente el maquillaje a la vez que nutren y protegen la piel. Los aceites vegetales como el de jojoba, coco o almendras dulces son especialmente populares por su poder desmaquillante y su suavidad. <\/p>\n\n<\/div><\/div>\n\n<div class=\"gb-grid-column gb-grid-column-37038266\"><div class=\"gb-container gb-container-37038266\">\n\n<div class=\"gb-headline gb-headline-7f688814\"><span class=\"gb-icon\"><svg xmlns:xlink=\"http:\/\/www.w3.org\/1999\/xlink\" xmlns=\"http:\/\/www.w3.org\/2000\/svg\" class=\"\" xml:space=\"preserve\" style=\"enable-background:new 0 0 512 512\" viewbox=\"0 0 682.667 682.667\" y=\"0\" x=\"0\" height=\"512\" width=\"512\" version=\"1.1\"><g><defs><clippath clippathunits=\"userSpaceOnUse\" id=\"a\"><path opacity=\"1\" data-original=\"#000000\" fill=\"#f2b02b\" d=\"M0 512h512V0H0Z\"><\/path><\/clippath><\/defs><path opacity=\"1\" data-original=\"#000000\" stroke-opacity=\"\" stroke-dasharray=\"none\" stroke-miterlimit=\"10\" stroke-linejoin=\"round\" stroke-linecap=\"round\" stroke-width=\"20\" stroke=\"#f2b02b\" fill=\"none\" transform=\"matrix(1.33333 0 0 -1.33333 0 682.667)\" style=\"stroke-width:20;stroke-linecap:round;stroke-linejoin:round;stroke-miterlimit:10;stroke-dasharray:none;stroke-opacity:1\" d=\"M284.759 70.438H86.91v134h197.849z\"><\/path><g transform=\"matrix(1.33333 0 0 -1.33333 0 682.667)\" clip-path=\"url(#a)\"><path opacity=\"1\" data-original=\"#000000\" stroke-opacity=\"\" stroke-dasharray=\"none\" stroke-miterlimit=\"10\" stroke-linejoin=\"round\" stroke-linecap=\"round\" stroke-width=\"20\" stroke=\"#f2b02b\" fill=\"none\" transform=\"translate(222.292 322.816)\" style=\"stroke-width:20;stroke-linecap:round;stroke-linejoin:round;stroke-miterlimit:10;stroke-dasharray:none;stroke-opacity:1\" d=\"M0 0h-72.914l-31.456-31.456a105.88 105.88 0 0 1-31.012-74.869v-185.578c0-11.55 9.363-20.913 20.913-20.913H41.554c11.55 0 20.913 9.363 20.913 20.913v185.578a105.884 105.884 0 0 1-31.011 74.869z\"><\/path><path opacity=\"1\" data-original=\"#000000\" stroke-opacity=\"\" stroke-dasharray=\"none\" stroke-miterlimit=\"10\" stroke-linejoin=\"round\" stroke-linecap=\"round\" stroke-width=\"20\" stroke=\"#f2b02b\" fill=\"none\" style=\"stroke-width:20;stroke-linecap:round;stroke-linejoin:round;stroke-miterlimit:10;stroke-dasharray:none;stroke-opacity:1\" d=\"M235.85 322.816H135.82v50.939h100.03z\"><\/path><path opacity=\"1\" data-original=\"#000000\" stroke-opacity=\"\" stroke-dasharray=\"none\" stroke-miterlimit=\"10\" stroke-linejoin=\"round\" stroke-linecap=\"round\" stroke-width=\"20\" stroke=\"#f2b02b\" fill=\"none\" transform=\"translate(399.679 39.594)\" style=\"stroke-width:20;stroke-linecap:round;stroke-linejoin:round;stroke-miterlimit:10;stroke-dasharray:none;stroke-opacity:1\" d=\"M0 0c0-16.344-13.266-29.594-29.629-29.594S-59.258-16.344-59.258 0c0 16.345 29.629 53.965 29.629 53.965S0 16.345 0 0Z\"><\/path><path opacity=\"1\" data-original=\"#000000\" stroke-opacity=\"\" stroke-dasharray=\"none\" stroke-miterlimit=\"10\" stroke-linejoin=\"round\" stroke-linecap=\"round\" stroke-width=\"20\" stroke=\"#f2b02b\" fill=\"none\" transform=\"translate(400.008 408.055)\" style=\"stroke-width:20;stroke-linecap:round;stroke-linejoin:round;stroke-miterlimit:10;stroke-dasharray:none;stroke-opacity:1\" d=\"M0 0h-59.916l-9.71 54.323c0 21.883 17.76 39.622 39.668 39.622 21.908 0 39.668-17.739 39.668-39.622z\"><\/path><path opacity=\"1\" data-original=\"#000000\" stroke-opacity=\"\" stroke-dasharray=\"none\" stroke-miterlimit=\"10\" stroke-linejoin=\"round\" stroke-linecap=\"round\" stroke-width=\"20\" stroke=\"#f2b02b\" fill=\"none\" style=\"stroke-width:20;stroke-linecap:round;stroke-linejoin:round;stroke-miterlimit:10;stroke-dasharray:none;stroke-opacity:1\" d=\"M425.09 362.047H315.01v46.008h110.08z\"><\/path><path opacity=\"1\" data-original=\"#000000\" stroke-opacity=\"\" stroke-dasharray=\"none\" stroke-miterlimit=\"10\" stroke-linejoin=\"round\" stroke-linecap=\"round\" stroke-width=\"20\" stroke=\"#f2b02b\" fill=\"none\" transform=\"translate(344.582 362.047)\" style=\"stroke-width:20;stroke-linecap:round;stroke-linejoin:round;stroke-miterlimit:10;stroke-dasharray:none;stroke-opacity:1\" d=\"M0 0v-181.809l10.076-51.002h30.783l10.076 51.002V0Z\"><\/path><\/g><\/g><\/svg><\/span><\/div>\n\n\n\n<h3 class=\"gb-headline gb-headline-1a8e74ee gb-headline-text\">Suero facial ecol\u00f3gico<\/h3>\n\n\n<div class=\"gb-container gb-container-fa0c2224\">\n<div class=\"gb-container gb-container-0eb7f743\"><\/div>\n\n<div class=\"gb-container gb-container-df04d629\"><\/div>\n<\/div>\n\n\n<p class=\"gb-headline gb-headline-52669372 gb-headline-text\">Aut\u00e9ntico concentrado de activos naturales, los s\u00e9rums faciales bio se aplican antes de las cremas hidratantes para reforzar su acci\u00f3n. Hay s\u00e9rums para cada tipo de piel y sus necesidades espec\u00edficas: antiedad, hidratantes, purificantes&#8230; <\/p>\n\n<\/div><\/div>\n<\/div>\n<\/section><section class=\"gb-container gb-container-21e3c652\">\n<div class=\"gb-container gb-container-11344779\">\n\n<h2 class=\"gb-headline gb-headline-39f4cce2 gb-headline-text\">Productos naturales para mimar tu cabello<\/h2>\n\n\n\n<p class=\"gb-headline gb-headline-c6c5990e gb-headline-text\">El cabello tambi\u00e9n merece una atenci\u00f3n especial, y los productos naturales pueden hacer maravillas para devolverle su fuerza y vitalidad. He aqu\u00ed algunos consejos: <\/p>\n\n\n<div class=\"gb-container gb-container-ec1a2ce6\">\n<div class=\"gb-container gb-container-238a634b\"><\/div>\n\n\n<div class=\"gb-headline gb-headline-bb38ec04\"><span class=\"gb-icon\"><svg xmlns=\"http:\/\/www.w3.org\/2000\/svg\" viewbox=\"0 0 48 48\"><g data-name=\"Layer 2\"><path fill=\"none\" d=\"M0 0h48v48H0z\" data-name=\"invisible box\"><\/path><path d=\"M45.7 36.9c-3.8-6.4-12.3-12.7-18.6-15.2a12.8 12.8 0 0 0-3.4-1c-1.7-.2-2.5-1.4-2.2-2.5s.8-1.4 1.9-1.3c3 .4 7.7 2.3 12.2 5.2l.9.6.3.2 1.2.8a1 1 0 0 0 1.6-.9c-.6-4.7-2.1-9.4-6.5-12.4S21.2 8 14 9.2a80.6 80.6 0 0 1-9.7 1.3H3a.9.9 0 0 0-.9 1.3l.4 1.2c3.1 9.4 7.4 22.3 17.8 25.4a17.4 17.4 0 0 0 4.5.6A19.5 19.5 0 0 0 38 33.7a29.4 29.4 0 0 1 4.3 5.3 1.9 1.9 0 0 0 1.7 1 2.2 2.2 0 0 0 1.3-.4 2.1 2.1 0 0 0 .4-2.7Z\" data-name=\"Q3 icons\"><\/path><\/g><\/svg><\/span><\/div>\n\n\n<div class=\"gb-container gb-container-89efe58b\"><\/div>\n<\/div>\n\n<div class=\"gb-container gb-container-8c15cb1e\">\n\n<h2 class=\"gb-headline gb-headline-c4ec3c12 gb-headline-text\">Pelo<\/h2>\n\n\n\n<div class=\"gb-grid-wrapper gb-grid-wrapper-407cfce3 gb-query-loop-wrapper\">\n<div class=\"gb-grid-column gb-grid-column-261150d7 gb-query-loop-item post-1689 post type-post status-publish format-standard has-post-thumbnail hentry category-belleza category-pelo\"><article class=\"gb-container gb-container-261150d7\">\n<figure class=\"gb-block-image gb-block-image-d2db1af7\"><a href=\"https:\/\/modereine.fr\/wp-content\/uploads\/2023\/08\/Design-sans-titre-60.jpg\"><img loading=\"lazy\" decoding=\"async\" width=\"960\" height=\"540\" src=\"https:\/\/modereine.fr\/wp-content\/uploads\/2023\/08\/Design-sans-titre-60.jpg\" class=\"gb-image-d2db1af7\" alt=\"\" srcset=\"https:\/\/modereine.fr\/wp-content\/uploads\/2023\/08\/Design-sans-titre-60.jpg 960w, https:\/\/modereine.fr\/wp-content\/uploads\/2023\/08\/Design-sans-titre-60-300x169.jpg 300w, https:\/\/modereine.fr\/wp-content\/uploads\/2023\/08\/Design-sans-titre-60-768x432.jpg 768w\" sizes=\"auto, (max-width: 960px) 100vw, 960px\" \/><\/a><\/figure>\n\n<h3 class=\"gb-headline gb-headline-352bba3c gb-headline-text\"><a href=\"https:\/\/modereine.fr\/es\/2024\/05\/10\/guia-completa-sobre-el-uso-de-aceites-para-el-cabello-seco\/\">Gu\u00eda completa sobre el uso de aceites para el cabello seco<\/a><\/h3>\n\n<div class=\"gb-container gb-container-70479bb5\">\n<p class=\"gb-headline gb-headline-d0ca656b\"><span class=\"gb-icon\"><svg xmlns=\"http:\/\/www.w3.org\/2000\/svg\" viewbox=\"0 0 448 512\" width=\"1em\" height=\"1em\" aria-hidden=\"true\"><path d=\"M148 288h-40c-6.6 0-12-5.4-12-12v-40c0-6.6 5.4-12 12-12h40c6.6 0 12 5.4 12 12v40c0 6.6-5.4 12-12 12zm108-12v-40c0-6.6-5.4-12-12-12h-40c-6.6 0-12 5.4-12 12v40c0 6.6 5.4 12 12 12h40c6.6 0 12-5.4 12-12zm96 0v-40c0-6.6-5.4-12-12-12h-40c-6.6 0-12 5.4-12 12v40c0 6.6 5.4 12 12 12h40c6.6 0 12-5.4 12-12zm-96 96v-40c0-6.6-5.4-12-12-12h-40c-6.6 0-12 5.4-12 12v40c0 6.6 5.4 12 12 12h40c6.6 0 12-5.4 12-12zm-96 0v-40c0-6.6-5.4-12-12-12h-40c-6.6 0-12 5.4-12 12v40c0 6.6 5.4 12 12 12h40c6.6 0 12-5.4 12-12zm192 0v-40c0-6.6-5.4-12-12-12h-40c-6.6 0-12 5.4-12 12v40c0 6.6 5.4 12 12 12h40c6.6 0 12-5.4 12-12zm96-260v352c0 26.5-21.5 48-48 48H48c-26.5 0-48-21.5-48-48V112c0-26.5 21.5-48 48-48h48V12c0-6.6 5.4-12 12-12h40c6.6 0 12 5.4 12 12v52h128V12c0-6.6 5.4-12 12-12h40c6.6 0 12 5.4 12 12v52h48c26.5 0 48 21.5 48 48zm-48 346V160H48v298c0 3.3 2.7 6 6 6h340c3.3 0 6-2.7 6-6z\" fill=\"currentColor\"><\/path><\/svg><\/span><span class=\"gb-headline-text\"><time class=\"entry-date published\" datetime=\"2024-05-10T12:20:10+02:00\">10 mayo 2024<\/time><\/span><\/p>\n\n<div class=\"wp-block-post-excerpt\"><p class=\"wp-block-post-excerpt__excerpt\">\u00bfCansado de un cabello seco y quebradizo que parece constantemente sediento de cuidados? \u00bfSab\u00edas que ciertos aceites no s\u00f3lo pueden hidratar tu pelo en profundidad, sino tambi\u00e9n protegerlo de futuros&hellip;<\/p><p class=\"wp-block-post-excerpt__more-text\"><a class=\"wp-block-post-excerpt__more-link\" href=\"https:\/\/modereine.fr\/es\/2024\/05\/10\/guia-completa-sobre-el-uso-de-aceites-para-el-cabello-seco\/\">Leer el art\u00edculo<\/a><\/p><\/div>\n<\/div>\n<\/article><\/div>\n\n<div class=\"gb-grid-column gb-grid-column-261150d7 gb-query-loop-item post-1674 post type-post status-publish format-standard has-post-thumbnail hentry category-bienestar category-pelo\"><article class=\"gb-container gb-container-261150d7\">\n<figure class=\"gb-block-image gb-block-image-d2db1af7\"><a href=\"https:\/\/modereine.fr\/wp-content\/uploads\/2023\/08\/Design-sans-titre-62.jpg\"><img loading=\"lazy\" decoding=\"async\" width=\"960\" height=\"540\" src=\"https:\/\/modereine.fr\/wp-content\/uploads\/2023\/08\/Design-sans-titre-62.jpg\" class=\"gb-image-d2db1af7\" alt=\"\" srcset=\"https:\/\/modereine.fr\/wp-content\/uploads\/2023\/08\/Design-sans-titre-62.jpg 960w, https:\/\/modereine.fr\/wp-content\/uploads\/2023\/08\/Design-sans-titre-62-300x169.jpg 300w, https:\/\/modereine.fr\/wp-content\/uploads\/2023\/08\/Design-sans-titre-62-768x432.jpg 768w\" sizes=\"auto, (max-width: 960px) 100vw, 960px\" \/><\/a><\/figure>\n\n<h3 class=\"gb-headline gb-headline-352bba3c gb-headline-text\"><a href=\"https:\/\/modereine.fr\/es\/2023\/08\/28\/transformacion-del-pelo-antes-y-despues-de-la-patina-pelo-sublimado\/\">Transformaci\u00f3n del pelo: Antes y despu\u00e9s de la p\u00e1tina, pelo sublimado<\/a><\/h3>\n\n<div class=\"gb-container gb-container-70479bb5\">\n<p class=\"gb-headline gb-headline-d0ca656b\"><span class=\"gb-icon\"><svg xmlns=\"http:\/\/www.w3.org\/2000\/svg\" viewbox=\"0 0 448 512\" width=\"1em\" height=\"1em\" aria-hidden=\"true\"><path d=\"M148 288h-40c-6.6 0-12-5.4-12-12v-40c0-6.6 5.4-12 12-12h40c6.6 0 12 5.4 12 12v40c0 6.6-5.4 12-12 12zm108-12v-40c0-6.6-5.4-12-12-12h-40c-6.6 0-12 5.4-12 12v40c0 6.6 5.4 12 12 12h40c6.6 0 12-5.4 12-12zm96 0v-40c0-6.6-5.4-12-12-12h-40c-6.6 0-12 5.4-12 12v40c0 6.6 5.4 12 12 12h40c6.6 0 12-5.4 12-12zm-96 96v-40c0-6.6-5.4-12-12-12h-40c-6.6 0-12 5.4-12 12v40c0 6.6 5.4 12 12 12h40c6.6 0 12-5.4 12-12zm-96 0v-40c0-6.6-5.4-12-12-12h-40c-6.6 0-12 5.4-12 12v40c0 6.6 5.4 12 12 12h40c6.6 0 12-5.4 12-12zm192 0v-40c0-6.6-5.4-12-12-12h-40c-6.6 0-12 5.4-12 12v40c0 6.6 5.4 12 12 12h40c6.6 0 12-5.4 12-12zm96-260v352c0 26.5-21.5 48-48 48H48c-26.5 0-48-21.5-48-48V112c0-26.5 21.5-48 48-48h48V12c0-6.6 5.4-12 12-12h40c6.6 0 12 5.4 12 12v52h128V12c0-6.6 5.4-12 12-12h40c6.6 0 12 5.4 12 12v52h48c26.5 0 48 21.5 48 48zm-48 346V160H48v298c0 3.3 2.7 6 6 6h340c3.3 0 6-2.7 6-6z\" fill=\"currentColor\"><\/path><\/svg><\/span><span class=\"gb-headline-text\"><time class=\"entry-date published\" datetime=\"2023-08-28T16:42:18+02:00\">28 agosto 2023<\/time><\/span><\/p>\n\n<div class=\"wp-block-post-excerpt\"><p class=\"wp-block-post-excerpt__excerpt\">La coloraci\u00f3n del cabello es una pr\u00e1ctica habitual para quienes desean cambiar de look o simplemente reavivar su color natural. Sin embargo, a veces los resultados no est\u00e1n a la&hellip;<\/p><p class=\"wp-block-post-excerpt__more-text\"><a class=\"wp-block-post-excerpt__more-link\" href=\"https:\/\/modereine.fr\/es\/2023\/08\/28\/transformacion-del-pelo-antes-y-despues-de-la-patina-pelo-sublimado\/\">Leer el art\u00edculo<\/a><\/p><\/div>\n<\/div>\n<\/article><\/div>\n\n<div class=\"gb-grid-column gb-grid-column-261150d7 gb-query-loop-item post-1662 post type-post status-publish format-standard has-post-thumbnail hentry category-belleza category-pelo\"><article class=\"gb-container gb-container-261150d7\">\n<figure class=\"gb-block-image gb-block-image-d2db1af7\"><a href=\"https:\/\/modereine.fr\/wp-content\/uploads\/2023\/08\/Design-sans-titre-50.jpg\"><img loading=\"lazy\" decoding=\"async\" width=\"960\" height=\"540\" src=\"https:\/\/modereine.fr\/wp-content\/uploads\/2023\/08\/Design-sans-titre-50.jpg\" class=\"gb-image-d2db1af7\" alt=\"\" srcset=\"https:\/\/modereine.fr\/wp-content\/uploads\/2023\/08\/Design-sans-titre-50.jpg 960w, https:\/\/modereine.fr\/wp-content\/uploads\/2023\/08\/Design-sans-titre-50-300x169.jpg 300w, https:\/\/modereine.fr\/wp-content\/uploads\/2023\/08\/Design-sans-titre-50-768x432.jpg 768w\" sizes=\"auto, (max-width: 960px) 100vw, 960px\" \/><\/a><\/figure>\n\n<h3 class=\"gb-headline gb-headline-352bba3c gb-headline-text\"><a href=\"https:\/\/modereine.fr\/es\/2023\/08\/28\/alisado-con-taninos-la-alternativa-natural-para-un-cabello-liso-y-brillante\/\">Alisado con taninos: la alternativa natural para un cabello liso y brillante<\/a><\/h3>\n\n<div class=\"gb-container gb-container-70479bb5\">\n<p class=\"gb-headline gb-headline-d0ca656b\"><span class=\"gb-icon\"><svg xmlns=\"http:\/\/www.w3.org\/2000\/svg\" viewbox=\"0 0 448 512\" width=\"1em\" height=\"1em\" aria-hidden=\"true\"><path d=\"M148 288h-40c-6.6 0-12-5.4-12-12v-40c0-6.6 5.4-12 12-12h40c6.6 0 12 5.4 12 12v40c0 6.6-5.4 12-12 12zm108-12v-40c0-6.6-5.4-12-12-12h-40c-6.6 0-12 5.4-12 12v40c0 6.6 5.4 12 12 12h40c6.6 0 12-5.4 12-12zm96 0v-40c0-6.6-5.4-12-12-12h-40c-6.6 0-12 5.4-12 12v40c0 6.6 5.4 12 12 12h40c6.6 0 12-5.4 12-12zm-96 96v-40c0-6.6-5.4-12-12-12h-40c-6.6 0-12 5.4-12 12v40c0 6.6 5.4 12 12 12h40c6.6 0 12-5.4 12-12zm-96 0v-40c0-6.6-5.4-12-12-12h-40c-6.6 0-12 5.4-12 12v40c0 6.6 5.4 12 12 12h40c6.6 0 12-5.4 12-12zm192 0v-40c0-6.6-5.4-12-12-12h-40c-6.6 0-12 5.4-12 12v40c0 6.6 5.4 12 12 12h40c6.6 0 12-5.4 12-12zm96-260v352c0 26.5-21.5 48-48 48H48c-26.5 0-48-21.5-48-48V112c0-26.5 21.5-48 48-48h48V12c0-6.6 5.4-12 12-12h40c6.6 0 12 5.4 12 12v52h128V12c0-6.6 5.4-12 12-12h40c6.6 0 12 5.4 12 12v52h48c26.5 0 48 21.5 48 48zm-48 346V160H48v298c0 3.3 2.7 6 6 6h340c3.3 0 6-2.7 6-6z\" fill=\"currentColor\"><\/path><\/svg><\/span><span class=\"gb-headline-text\"><time class=\"entry-date published\" datetime=\"2023-08-28T16:33:34+02:00\">28 agosto 2023<\/time><\/span><\/p>\n\n<div class=\"wp-block-post-excerpt\"><p class=\"wp-block-post-excerpt__excerpt\">Conseguir un pelo liso y brillante es un objetivo por el que muchas personas luchan, pero a menudo puede ser dif\u00edcil lograrlo sin da\u00f1ar tus preciosos mechones. Por eso el&hellip;<\/p><p class=\"wp-block-post-excerpt__more-text\"><a class=\"wp-block-post-excerpt__more-link\" href=\"https:\/\/modereine.fr\/es\/2023\/08\/28\/alisado-con-taninos-la-alternativa-natural-para-un-cabello-liso-y-brillante\/\">Leer el art\u00edculo<\/a><\/p><\/div>\n<\/div>\n<\/article><\/div>\n<\/div>\n\n<\/div>\n\n<div class=\"gb-grid-wrapper gb-grid-wrapper-03afaf84\">\n<div class=\"gb-grid-column gb-grid-column-6965805f\"><div class=\"gb-container gb-container-6965805f\">\n\n<div class=\"gb-headline gb-headline-2792c218\"><span class=\"gb-icon\"><svg xmlns:xlink=\"http:\/\/www.w3.org\/1999\/xlink\" xmlns=\"http:\/\/www.w3.org\/2000\/svg\" class=\"\" xml:space=\"preserve\" style=\"enable-background:new 0 0 512 512\" viewbox=\"0 0 480 480\" y=\"0\" x=\"0\" height=\"512\" width=\"512\" version=\"1.1\"><g><path opacity=\"1\" data-original=\"#000000\" fill=\"#f2b02b\" d=\"M392.232 126.312C385.928 108.184 368.792 96 349.584 96H296V46.528c9.288-3.312 16-12.112 16-22.528 0-13.232-10.768-24-24-24h-96c-13.232 0-24 10.768-24 24 0 10.416 6.712 19.216 16 22.528V96h-53.584c-19.2 0-36.344 12.184-42.648 30.32-36.264 104.264-36.264 219.104 0 323.368C94.072 467.816 111.208 480 130.416 480h219.168c19.2 0 36.344-12.184 42.648-30.32 36.264-104.264 36.264-219.104 0-323.368zM192 16h96c4.416 0 8 3.592 8 8s-3.584 8-8 8h-96c-4.416 0-8-3.592-8-8s3.584-8 8-8zm32 64h32c4.424 0 8-3.584 8-8V48h16v48h-80V48h16v24c0 4.416 3.576 8 8 8zm8-16V48h16v16h-16zm145.12 380.424C373.056 456.136 361.984 464 349.584 464H130.416c-12.4 0-23.472-7.864-27.536-19.576-35.088-100.872-35.088-211.976-.008-312.848C106.944 119.864 118.016 112 130.416 112h219.168c12.4 0 23.472 7.864 27.536 19.576 35.088 100.872 35.088 211.984 0 312.848z\"><\/path><path opacity=\"1\" data-original=\"#000000\" fill=\"#f2b02b\" d=\"M245.432 154.128c-3.064-2.832-7.8-2.832-10.856 0C230.872 157.544 144 238.656 144 312c0 82.576 49.592 112 96 112s96-29.424 96-112c0-73.344-86.872-154.456-90.568-157.872zM240 408c-50.096 0-80-35.888-80-96 0-56.432 61.184-122.008 80-140.832 18.824 18.808 80 84.336 80 140.832 0 60.112-29.904 96-80 96z\"><\/path><path opacity=\"1\" data-original=\"#000000\" fill=\"#f2b02b\" d=\"M245.512 202.208c-3.08-2.944-7.952-2.944-11.032 0-1.408 1.344-34.48 33.2-34.48 62.792 0 34.688 21.544 47 40 47s40-12.312 40-47c0-29.592-33.072-61.448-34.488-62.792zM240 296c-15.248 0-24-11.304-24-31 0-15.464 14.312-34.704 24-45.472 9.688 10.76 24 30.008 24 45.472 0 19.696-8.752 31-24 31zM200 360h16v16h-16zM232 360h16v16h-16zM264 360h16v16h-16z\"><\/path><\/g><\/svg><\/span><\/div>\n\n\n\n<h3 class=\"gb-headline gb-headline-bacc4836 gb-headline-text\">Champ\u00fa s\u00f3lido<\/h3>\n\n\n<div class=\"gb-container gb-container-2079afbc\">\n<div class=\"gb-container gb-container-11eddedd\"><\/div>\n\n<div class=\"gb-container gb-container-ac7f64cc\"><\/div>\n<\/div>\n\n\n<p class=\"gb-headline gb-headline-ca8e947d gb-headline-text\">Econ\u00f3mico y respetuoso con el medio ambiente, el champ\u00fa s\u00f3lido es la forma ideal de cuidar tu cabello minimizando los residuos. Compuesto principalmente por ingredientes naturales, limpia suavemente respetando el equilibrio del cuero cabelludo. <\/p>\n\n<\/div><\/div>\n\n<div class=\"gb-grid-column gb-grid-column-47240506\"><div class=\"gb-container gb-container-47240506\">\n\n<div class=\"gb-headline gb-headline-e4dfcdc8\"><span class=\"gb-icon\"><svg xmlns:xlink=\"http:\/\/www.w3.org\/1999\/xlink\" xmlns=\"http:\/\/www.w3.org\/2000\/svg\" class=\"\" xml:space=\"preserve\" style=\"enable-background:new 0 0 512 512\" viewbox=\"0 0 64 64\" y=\"0\" x=\"0\" height=\"512\" width=\"512\" version=\"1.1\"><g><path class=\"\" opacity=\"1\" data-original=\"#000000\" fill=\"#f2b02b\" d=\"M32 64c-.583 0-1.163-.017-1.739-.052-9.071-.547-16.858-5.84-20.829-14.16-4.058-8.5-3.203-18.51 2.23-26.123L26.545 2.808A6.624 6.624 0 0 1 32.002 0a6.626 6.626 0 0 1 5.453 2.808l14.885 20.857c5.433 7.615 6.287 17.623 2.23 26.123-3.973 8.32-11.76 13.613-20.829 14.16-.575.035-1.156.052-1.74.052zM27.994 3.841 13.109 24.698c-5.134 7.194-5.91 16.288-2.073 24.325 3.69 7.727 10.916 12.644 19.33 13.15 1.082.063 2.19.063 3.268 0 8.414-.506 15.64-5.423 19.33-13.15 3.837-8.037 3.061-17.13-2.073-24.325L36.006 3.84a4.865 4.865 0 0 0-4.004-2.063H32a4.868 4.868 0 0 0-4.008 2.063zm15.459 29.31c-1.664-1.02-5.303-.466-8.361 1.57-3.71-5.4-11.215-7.377-14.024-5.658-2.898 1.775-4.567 9.812-1.007 15.626 2.202 3.597 5.617 5.276 7.456 5.957 1.515.56 3.012.844 4.291.844.57 0 1.085-.066 1.55-.179.407.113.857.187 1.366.187 1.067 0 2.275-.231 3.52-.693 1.493-.551 4.267-1.92 6.062-4.854 2.916-4.746 1.529-11.342-.853-12.8zM28.133 48.98c-1.623-.6-4.634-2.078-6.557-5.217-3.264-5.333-1.37-12.086.42-13.183.375-.23.972-.35 1.713-.35 2.804 0 7.654 1.742 10.234 5.959 1.924 3.14 1.865 6.496 1.658 8.218-.231 1.94-.829 3.464-1.45 4.325l-5.643-9.217a.889.889 0 1 0-1.515.927l5.641 9.216c-1.047.16-2.671-.004-4.5-.678zm14.662-3.952c-1.511 2.471-3.893 3.627-5.173 4.107a9.522 9.522 0 0 1-1.946.492c.826-1.21 1.449-2.99 1.69-5.01.213-1.773.264-5.083-1.381-8.374 2.572-1.736 5.568-2.146 6.526-1.562 1.368.818 2.808 6.223.284 10.347z\"><\/path><\/g><\/svg><\/span><\/div>\n\n\n\n<h3 class=\"gb-headline gb-headline-570420d8 gb-headline-text\">Ba\u00f1os de aceite vegetal<\/h3>\n\n\n<div class=\"gb-container gb-container-8289dc8f\">\n<div class=\"gb-container gb-container-9a104006\"><\/div>\n\n<div class=\"gb-container gb-container-87822182\"><\/div>\n<\/div>\n\n\n<p class=\"gb-headline gb-headline-52bd0a29 gb-headline-text\">Para nutrir y reparar en profundidad el cabello da\u00f1ado, nada mejor que un ba\u00f1o de aceite vegetal. Aplica una cantidad generosa de aceite de arg\u00e1n, aguacate o coco en los largos y las puntas, d\u00e9jalo actuar durante varias horas o incluso toda la noche, y luego lava suavemente con champ\u00fa. <\/p>\n\n<\/div><\/div>\n<\/div>\n<\/div>\n<\/section><section class=\"gb-container gb-container-49b9586e\">\n<div class=\"gb-container gb-container-a2e9522c\"><\/div>\n\n<div class=\"gb-container gb-container-0e11192a\">\n\n<h2 class=\"gb-headline gb-headline-5cf408ee gb-headline-text\">Arte de u\u00f1as ecorresponsable<\/h2>\n\n\n<div class=\"gb-container gb-container-daaa2e63\">\n<div class=\"gb-container gb-container-bda621fe\"><\/div>\n\n<div class=\"gb-container gb-container-4b0ac72b\"><\/div>\n<\/div>\n\n\n<p class=\"gb-headline gb-headline-edf98545 gb-headline-text\">\u00a1Las u\u00f1as tambi\u00e9n se pueden mejorar de forma responsable! Aqu\u00ed tienes algunas ideas para crear un nail art original y respetuoso con el medio ambiente: <\/p>\n\n\n\n<h3 class=\"wp-block-heading has-base-color has-text-color\">Esmalte de u\u00f1as natural<\/h3>\n\n\n\n<p class=\"has-accent-color has-text-color\">Como ya hemos dicho, ahora existen esmaltes de u\u00f1as sin disolventes, hechos con ingredientes naturales. Ofrecen una amplia gama de colores para todos tus deseos de decoraci\u00f3n de u\u00f1as. <\/p>\n\n\n\n<h3 class=\"wp-block-heading has-base-color has-text-color\">Pegatinas y calcoman\u00edas<\/h3>\n\n\n\n<p class=\"has-base-color has-text-color\">Para a\u00f1adir un toque decorativo a tu manicura, opta por pegatinas o calcoman\u00edas biodegradables y\/o compostables. Puedes encontrar f\u00e1cilmente diferentes dise\u00f1os en Internet para personalizar tus u\u00f1as a tu gusto. <\/p>\n\n<\/div>\n<\/section><div class=\"gb-container gb-container-8d8c8e6f\">\n\n<h2 class=\"gb-headline gb-headline-5ace109d\"><span class=\"gb-icon\"><svg xmlns=\"http:\/\/www.w3.org\/2000\/svg\" aria-hidden=\"true\" role=\"img\" height=\"1em\" width=\"1em\" viewbox=\"0 0 512 512\"><path fill=\"currentColor\" d=\"M256 8C119 8 8 119 8 256s111 248 248 248 248-111 248-248S393 8 256 8zm0 448c-110.5 0-200-89.5-200-200S145.5 56 256 56s200 89.5 200 200-89.5 200-200 200z\"><\/path><\/svg><\/span><span class=\"gb-headline-text\">u\u00f1as<\/span><\/h2>\n\n\n\n<div class=\"gb-grid-wrapper gb-grid-wrapper-f73854a9 gb-query-loop-wrapper\">\n<div class=\"gb-grid-column gb-grid-column-cac6b3cc gb-query-loop-item post-1689 post type-post status-publish format-standard has-post-thumbnail hentry category-belleza category-pelo\"><article class=\"gb-container gb-container-cac6b3cc\">\n<figure class=\"gb-block-image gb-block-image-637fc707\"><a href=\"https:\/\/modereine.fr\/wp-content\/uploads\/2023\/08\/Design-sans-titre-60.jpg\"><img loading=\"lazy\" decoding=\"async\" width=\"960\" height=\"540\" src=\"https:\/\/modereine.fr\/wp-content\/uploads\/2023\/08\/Design-sans-titre-60.jpg\" class=\"gb-image-637fc707\" alt=\"\" srcset=\"https:\/\/modereine.fr\/wp-content\/uploads\/2023\/08\/Design-sans-titre-60.jpg 960w, https:\/\/modereine.fr\/wp-content\/uploads\/2023\/08\/Design-sans-titre-60-300x169.jpg 300w, https:\/\/modereine.fr\/wp-content\/uploads\/2023\/08\/Design-sans-titre-60-768x432.jpg 768w\" sizes=\"auto, (max-width: 960px) 100vw, 960px\" \/><\/a><\/figure>\n\n<h3 class=\"gb-headline gb-headline-8eb7107b gb-headline-text\"><a href=\"https:\/\/modereine.fr\/es\/2024\/05\/10\/guia-completa-sobre-el-uso-de-aceites-para-el-cabello-seco\/\">Gu\u00eda completa sobre el uso de aceites para el cabello seco<\/a><\/h3>\n\n<div class=\"gb-container gb-container-35ef8453\">\n<p class=\"gb-headline gb-headline-3e1ceca4\"><span class=\"gb-icon\"><svg xmlns=\"http:\/\/www.w3.org\/2000\/svg\" viewbox=\"0 0 448 512\" width=\"1em\" height=\"1em\" aria-hidden=\"true\"><path d=\"M148 288h-40c-6.6 0-12-5.4-12-12v-40c0-6.6 5.4-12 12-12h40c6.6 0 12 5.4 12 12v40c0 6.6-5.4 12-12 12zm108-12v-40c0-6.6-5.4-12-12-12h-40c-6.6 0-12 5.4-12 12v40c0 6.6 5.4 12 12 12h40c6.6 0 12-5.4 12-12zm96 0v-40c0-6.6-5.4-12-12-12h-40c-6.6 0-12 5.4-12 12v40c0 6.6 5.4 12 12 12h40c6.6 0 12-5.4 12-12zm-96 96v-40c0-6.6-5.4-12-12-12h-40c-6.6 0-12 5.4-12 12v40c0 6.6 5.4 12 12 12h40c6.6 0 12-5.4 12-12zm-96 0v-40c0-6.6-5.4-12-12-12h-40c-6.6 0-12 5.4-12 12v40c0 6.6 5.4 12 12 12h40c6.6 0 12-5.4 12-12zm192 0v-40c0-6.6-5.4-12-12-12h-40c-6.6 0-12 5.4-12 12v40c0 6.6 5.4 12 12 12h40c6.6 0 12-5.4 12-12zm96-260v352c0 26.5-21.5 48-48 48H48c-26.5 0-48-21.5-48-48V112c0-26.5 21.5-48 48-48h48V12c0-6.6 5.4-12 12-12h40c6.6 0 12 5.4 12 12v52h128V12c0-6.6 5.4-12 12-12h40c6.6 0 12 5.4 12 12v52h48c26.5 0 48 21.5 48 48zm-48 346V160H48v298c0 3.3 2.7 6 6 6h340c3.3 0 6-2.7 6-6z\" fill=\"currentColor\"><\/path><\/svg><\/span><span class=\"gb-headline-text\"><time class=\"entry-date published\" datetime=\"2024-05-10T12:20:10+02:00\">10 mayo 2024<\/time><\/span><\/p>\n\n<div class=\"wp-block-post-excerpt has-text-color has-contrast-color\"><p class=\"wp-block-post-excerpt__excerpt\">\u00bfCansado de un cabello seco y quebradizo que parece constantemente sediento de cuidados? \u00bfSab\u00edas que ciertos aceites no s\u00f3lo pueden hidratar tu pelo en profundidad, sino tambi\u00e9n protegerlo de futuros&hellip;<\/p><p class=\"wp-block-post-excerpt__more-text\"><a class=\"wp-block-post-excerpt__more-link\" href=\"https:\/\/modereine.fr\/es\/2024\/05\/10\/guia-completa-sobre-el-uso-de-aceites-para-el-cabello-seco\/\">Leer el art\u00edculo<\/a><\/p><\/div>\n<\/div>\n<\/article><\/div>\n\n<div class=\"gb-grid-column gb-grid-column-cac6b3cc gb-query-loop-item post-1674 post type-post status-publish format-standard has-post-thumbnail hentry category-bienestar category-pelo\"><article class=\"gb-container gb-container-cac6b3cc\">\n<figure class=\"gb-block-image gb-block-image-637fc707\"><a href=\"https:\/\/modereine.fr\/wp-content\/uploads\/2023\/08\/Design-sans-titre-62.jpg\"><img loading=\"lazy\" decoding=\"async\" width=\"960\" height=\"540\" src=\"https:\/\/modereine.fr\/wp-content\/uploads\/2023\/08\/Design-sans-titre-62.jpg\" class=\"gb-image-637fc707\" alt=\"\" srcset=\"https:\/\/modereine.fr\/wp-content\/uploads\/2023\/08\/Design-sans-titre-62.jpg 960w, https:\/\/modereine.fr\/wp-content\/uploads\/2023\/08\/Design-sans-titre-62-300x169.jpg 300w, https:\/\/modereine.fr\/wp-content\/uploads\/2023\/08\/Design-sans-titre-62-768x432.jpg 768w\" sizes=\"auto, (max-width: 960px) 100vw, 960px\" \/><\/a><\/figure>\n\n<h3 class=\"gb-headline gb-headline-8eb7107b gb-headline-text\"><a href=\"https:\/\/modereine.fr\/es\/2023\/08\/28\/transformacion-del-pelo-antes-y-despues-de-la-patina-pelo-sublimado\/\">Transformaci\u00f3n del pelo: Antes y despu\u00e9s de la p\u00e1tina, pelo sublimado<\/a><\/h3>\n\n<div class=\"gb-container gb-container-35ef8453\">\n<p class=\"gb-headline gb-headline-3e1ceca4\"><span class=\"gb-icon\"><svg xmlns=\"http:\/\/www.w3.org\/2000\/svg\" viewbox=\"0 0 448 512\" width=\"1em\" height=\"1em\" aria-hidden=\"true\"><path d=\"M148 288h-40c-6.6 0-12-5.4-12-12v-40c0-6.6 5.4-12 12-12h40c6.6 0 12 5.4 12 12v40c0 6.6-5.4 12-12 12zm108-12v-40c0-6.6-5.4-12-12-12h-40c-6.6 0-12 5.4-12 12v40c0 6.6 5.4 12 12 12h40c6.6 0 12-5.4 12-12zm96 0v-40c0-6.6-5.4-12-12-12h-40c-6.6 0-12 5.4-12 12v40c0 6.6 5.4 12 12 12h40c6.6 0 12-5.4 12-12zm-96 96v-40c0-6.6-5.4-12-12-12h-40c-6.6 0-12 5.4-12 12v40c0 6.6 5.4 12 12 12h40c6.6 0 12-5.4 12-12zm-96 0v-40c0-6.6-5.4-12-12-12h-40c-6.6 0-12 5.4-12 12v40c0 6.6 5.4 12 12 12h40c6.6 0 12-5.4 12-12zm192 0v-40c0-6.6-5.4-12-12-12h-40c-6.6 0-12 5.4-12 12v40c0 6.6 5.4 12 12 12h40c6.6 0 12-5.4 12-12zm96-260v352c0 26.5-21.5 48-48 48H48c-26.5 0-48-21.5-48-48V112c0-26.5 21.5-48 48-48h48V12c0-6.6 5.4-12 12-12h40c6.6 0 12 5.4 12 12v52h128V12c0-6.6 5.4-12 12-12h40c6.6 0 12 5.4 12 12v52h48c26.5 0 48 21.5 48 48zm-48 346V160H48v298c0 3.3 2.7 6 6 6h340c3.3 0 6-2.7 6-6z\" fill=\"currentColor\"><\/path><\/svg><\/span><span class=\"gb-headline-text\"><time class=\"entry-date published\" datetime=\"2023-08-28T16:42:18+02:00\">28 agosto 2023<\/time><\/span><\/p>\n\n<div class=\"wp-block-post-excerpt has-text-color has-contrast-color\"><p class=\"wp-block-post-excerpt__excerpt\">La coloraci\u00f3n del cabello es una pr\u00e1ctica habitual para quienes desean cambiar de look o simplemente reavivar su color natural. Sin embargo, a veces los resultados no est\u00e1n a la&hellip;<\/p><p class=\"wp-block-post-excerpt__more-text\"><a class=\"wp-block-post-excerpt__more-link\" href=\"https:\/\/modereine.fr\/es\/2023\/08\/28\/transformacion-del-pelo-antes-y-despues-de-la-patina-pelo-sublimado\/\">Leer el art\u00edculo<\/a><\/p><\/div>\n<\/div>\n<\/article><\/div>\n\n<div class=\"gb-grid-column gb-grid-column-cac6b3cc gb-query-loop-item post-1662 post type-post status-publish format-standard has-post-thumbnail hentry category-belleza category-pelo\"><article class=\"gb-container gb-container-cac6b3cc\">\n<figure class=\"gb-block-image gb-block-image-637fc707\"><a href=\"https:\/\/modereine.fr\/wp-content\/uploads\/2023\/08\/Design-sans-titre-50.jpg\"><img loading=\"lazy\" decoding=\"async\" width=\"960\" height=\"540\" src=\"https:\/\/modereine.fr\/wp-content\/uploads\/2023\/08\/Design-sans-titre-50.jpg\" class=\"gb-image-637fc707\" alt=\"\" srcset=\"https:\/\/modereine.fr\/wp-content\/uploads\/2023\/08\/Design-sans-titre-50.jpg 960w, https:\/\/modereine.fr\/wp-content\/uploads\/2023\/08\/Design-sans-titre-50-300x169.jpg 300w, https:\/\/modereine.fr\/wp-content\/uploads\/2023\/08\/Design-sans-titre-50-768x432.jpg 768w\" sizes=\"auto, (max-width: 960px) 100vw, 960px\" \/><\/a><\/figure>\n\n<h3 class=\"gb-headline gb-headline-8eb7107b gb-headline-text\"><a href=\"https:\/\/modereine.fr\/es\/2023\/08\/28\/alisado-con-taninos-la-alternativa-natural-para-un-cabello-liso-y-brillante\/\">Alisado con taninos: la alternativa natural para un cabello liso y brillante<\/a><\/h3>\n\n<div class=\"gb-container gb-container-35ef8453\">\n<p class=\"gb-headline gb-headline-3e1ceca4\"><span class=\"gb-icon\"><svg xmlns=\"http:\/\/www.w3.org\/2000\/svg\" viewbox=\"0 0 448 512\" width=\"1em\" height=\"1em\" aria-hidden=\"true\"><path d=\"M148 288h-40c-6.6 0-12-5.4-12-12v-40c0-6.6 5.4-12 12-12h40c6.6 0 12 5.4 12 12v40c0 6.6-5.4 12-12 12zm108-12v-40c0-6.6-5.4-12-12-12h-40c-6.6 0-12 5.4-12 12v40c0 6.6 5.4 12 12 12h40c6.6 0 12-5.4 12-12zm96 0v-40c0-6.6-5.4-12-12-12h-40c-6.6 0-12 5.4-12 12v40c0 6.6 5.4 12 12 12h40c6.6 0 12-5.4 12-12zm-96 96v-40c0-6.6-5.4-12-12-12h-40c-6.6 0-12 5.4-12 12v40c0 6.6 5.4 12 12 12h40c6.6 0 12-5.4 12-12zm-96 0v-40c0-6.6-5.4-12-12-12h-40c-6.6 0-12 5.4-12 12v40c0 6.6 5.4 12 12 12h40c6.6 0 12-5.4 12-12zm192 0v-40c0-6.6-5.4-12-12-12h-40c-6.6 0-12 5.4-12 12v40c0 6.6 5.4 12 12 12h40c6.6 0 12-5.4 12-12zm96-260v352c0 26.5-21.5 48-48 48H48c-26.5 0-48-21.5-48-48V112c0-26.5 21.5-48 48-48h48V12c0-6.6 5.4-12 12-12h40c6.6 0 12 5.4 12 12v52h128V12c0-6.6 5.4-12 12-12h40c6.6 0 12 5.4 12 12v52h48c26.5 0 48 21.5 48 48zm-48 346V160H48v298c0 3.3 2.7 6 6 6h340c3.3 0 6-2.7 6-6z\" fill=\"currentColor\"><\/path><\/svg><\/span><span class=\"gb-headline-text\"><time class=\"entry-date published\" datetime=\"2023-08-28T16:33:34+02:00\">28 agosto 2023<\/time><\/span><\/p>\n\n<div class=\"wp-block-post-excerpt has-text-color has-contrast-color\"><p class=\"wp-block-post-excerpt__excerpt\">Conseguir un pelo liso y brillante es un objetivo por el que muchas personas luchan, pero a menudo puede ser dif\u00edcil lograrlo sin da\u00f1ar tus preciosos mechones. Por eso el&hellip;<\/p><p class=\"wp-block-post-excerpt__more-text\"><a class=\"wp-block-post-excerpt__more-link\" href=\"https:\/\/modereine.fr\/es\/2023\/08\/28\/alisado-con-taninos-la-alternativa-natural-para-un-cabello-liso-y-brillante\/\">Leer el art\u00edculo<\/a><\/p><\/div>\n<\/div>\n<\/article><\/div>\n<\/div>\n\n<\/div><section class=\"gb-container gb-container-828f2cb9\">\n<div class=\"gb-container gb-container-a7651adb\">\n<div class=\"gb-container gb-container-e6110553\">\n\n<p class=\"gb-headline gb-headline-077460c8 gb-headline-text\">Siguiendo estos consejos, puedes combinar belleza y respeto por el medio ambiente adoptando sencillos gestos cotidianos. \u00a1No dudes en compartir tus propios consejos ecol\u00f3gicos en los comentarios! <\/p>\n\n\n<div class=\"gb-container gb-container-7d0e9cba\">\n\n<a class=\"gb-button gb-button-6983cfa1 gb-button-text\" href=\"#topsite\">Volver arriba<\/a>\n\n<\/div>\n<\/div>\n\n<div class=\"gb-container gb-container-c17e907d\" style=\"background-image: url(https:\/\/modereine.fr\/wp-content\/uploads\/2023\/08\/Design-sans-titre-44.jpg);\">\n<div class=\"gb-container gb-container-73379da2\" style=\"background-image: url(https:\/\/modereine.fr\/wp-content\/uploads\/2023\/08\/Design-sans-titre-43.jpg);\"><\/div>\n<\/div>\n<\/div>\n<div class=\"gb-shapes\"><div class=\"gb-shape gb-shape-1\"><svg xmlns=\"http:\/\/www.w3.org\/2000\/svg\" viewBox=\"0 0 1200 194.3\" preserveAspectRatio=\"none\"><path d=\"M1200 133.3l-50 8.9c-50 8.6-150 26.9-250 31.1-100 4.2-200-4.2-300-26.7S400 89.2 300 62.2C200 35.8 100 17.5 50 8.9L0 0v194.3h1200v-61z\"\/><\/svg><\/div><\/div><\/section>","protected":false},"excerpt":{"rendered":"<p>Los secretos de la belleza natural: descubre los consejos ecorresponsables del Blog de Belleza Para aplicar tu maquillaje, utiliza las brochas, esponjas o puffs adecuados para cada producto. Los pinceles garantizan una aplicaci\u00f3n precisa y uniforme, mientras que las esponjas facilitan el difuminado y la mezcla de los productos. No olvides limpiar tus utensilios con &#8230; <a title=\"Los secretos de la belleza natural: descubre los consejos ecorresponsables del Blog de Belleza\" class=\"read-more\" href=\"https:\/\/modereine.fr\/es\/\" aria-label=\"Leer m\u00e1s sobre Los secretos de la belleza natural: descubre los consejos ecorresponsables del Blog de Belleza\">Leer m\u00e1s<\/a><\/p>\n","protected":false},"author":1,"featured_media":0,"parent":0,"menu_order":0,"comment_status":"closed","ping_status":"open","template":"","meta":{"footnotes":""},"class_list":["post-1640","page","type-page","status-publish"],"yoast_head":"<!-- This site is optimized with the Yoast SEO plugin v22.6 - https:\/\/yoast.com\/wordpress\/plugins\/seo\/ -->\n<title>ModeReine : Tu blog de belleza<\/title>\n<meta name=\"robots\" content=\"index, follow, max-snippet:-1, max-image-preview:large, max-video-preview:-1\" \/>\n<link rel=\"canonical\" href=\"https:\/\/modereine.fr\/es\/\" \/>\n<meta property=\"og:locale\" content=\"es_ES\" \/>\n<meta property=\"og:type\" content=\"article\" \/>\n<meta property=\"og:title\" content=\"ModeReine : Tu blog de belleza\" \/>\n<meta property=\"og:description\" content=\"Los secretos de la belleza natural: descubre los consejos ecorresponsables del Blog de Belleza Para aplicar tu maquillaje, utiliza las brochas, esponjas o puffs adecuados para cada producto. Los pinceles garantizan una aplicaci\u00f3n precisa y uniforme, mientras que las esponjas facilitan el difuminado y la mezcla de los productos. No olvides limpiar tus utensilios con ... Leer m\u00e1s\" \/>\n<meta property=\"og:url\" content=\"https:\/\/modereine.fr\/es\/\" \/>\n<meta property=\"og:site_name\" content=\"Mode Reine\" \/>\n<meta property=\"article:modified_time\" content=\"2025-12-18T09:31:55+00:00\" \/>\n<meta property=\"og:image\" content=\"https:\/\/www.modereine.fr\/wp-content\/uploads\/2023\/08\/Design-sans-titre-38.jpg\" \/>\n<meta name=\"twitter:card\" content=\"summary_large_image\" \/>\n<meta name=\"twitter:label1\" content=\"Tiempo de lectura\" \/>\n\t<meta name=\"twitter:data1\" content=\"4 minutos\" \/>\n<script type=\"application\/ld+json\" class=\"yoast-schema-graph\">{\"@context\":\"https:\/\/schema.org\",\"@graph\":[{\"@type\":\"WebPage\",\"@id\":\"https:\/\/modereine.fr\/es\/\",\"url\":\"https:\/\/modereine.fr\/es\/\",\"name\":\"ModeReine : Tu blog de belleza\",\"isPartOf\":{\"@id\":\"https:\/\/modereine.fr\/es\/#website\"},\"primaryImageOfPage\":{\"@id\":\"https:\/\/modereine.fr\/es\/#primaryimage\"},\"image\":{\"@id\":\"https:\/\/modereine.fr\/es\/#primaryimage\"},\"thumbnailUrl\":\"https:\/\/www.modereine.fr\/wp-content\/uploads\/2023\/08\/Design-sans-titre-38.jpg\",\"datePublished\":\"2021-05-30T12:08:16+00:00\",\"dateModified\":\"2025-12-18T09:31:55+00:00\",\"breadcrumb\":{\"@id\":\"https:\/\/modereine.fr\/es\/#breadcrumb\"},\"inLanguage\":\"es\",\"potentialAction\":[{\"@type\":\"ReadAction\",\"target\":[\"https:\/\/modereine.fr\/es\/\"]}]},{\"@type\":\"ImageObject\",\"inLanguage\":\"es\",\"@id\":\"https:\/\/modereine.fr\/es\/#primaryimage\",\"url\":\"https:\/\/www.modereine.fr\/wp-content\/uploads\/2023\/08\/Design-sans-titre-38.jpg\",\"contentUrl\":\"https:\/\/www.modereine.fr\/wp-content\/uploads\/2023\/08\/Design-sans-titre-38.jpg\"},{\"@type\":\"BreadcrumbList\",\"@id\":\"https:\/\/modereine.fr\/es\/#breadcrumb\",\"itemListElement\":[{\"@type\":\"ListItem\",\"position\":1,\"name\":\"Accueil\",\"item\":\"https:\/\/modereine.fr\/es\/los-secretos-de-la-belleza-natural-descubre-los-consejos-ecorresponsables-del-blog-de-belleza\/\"},{\"@type\":\"ListItem\",\"position\":2,\"name\":\"Los secretos de la belleza natural: descubre los consejos ecorresponsables del Blog de Belleza\"}]},{\"@type\":\"WebSite\",\"@id\":\"https:\/\/modereine.fr\/es\/#website\",\"url\":\"https:\/\/modereine.fr\/es\/\",\"name\":\"Mode Reine\",\"description\":\"Les secrets de la beaut\u00e9 au naturel: d\u00e9couvrez les astuces \u00e9co-responsables du Blog Beaut\u00e9\",\"potentialAction\":[{\"@type\":\"SearchAction\",\"target\":{\"@type\":\"EntryPoint\",\"urlTemplate\":\"https:\/\/modereine.fr\/es\/?s={search_term_string}\"},\"query-input\":\"required name=search_term_string\"}],\"inLanguage\":\"es\"}]}<\/script>\n<!-- \/ Yoast SEO plugin. -->","yoast_head_json":{"title":"ModeReine : Tu blog de belleza","robots":{"index":"index","follow":"follow","max-snippet":"max-snippet:-1","max-image-preview":"max-image-preview:large","max-video-preview":"max-video-preview:-1"},"canonical":"https:\/\/modereine.fr\/es\/","og_locale":"es_ES","og_type":"article","og_title":"ModeReine : Tu blog de belleza","og_description":"Los secretos de la belleza natural: descubre los consejos ecorresponsables del Blog de Belleza Para aplicar tu maquillaje, utiliza las brochas, esponjas o puffs adecuados para cada producto. Los pinceles garantizan una aplicaci\u00f3n precisa y uniforme, mientras que las esponjas facilitan el difuminado y la mezcla de los productos. No olvides limpiar tus utensilios con ... Leer m\u00e1s","og_url":"https:\/\/modereine.fr\/es\/","og_site_name":"Mode Reine","article_modified_time":"2025-12-18T09:31:55+00:00","og_image":[{"url":"https:\/\/www.modereine.fr\/wp-content\/uploads\/2023\/08\/Design-sans-titre-38.jpg"}],"twitter_card":"summary_large_image","twitter_misc":{"Tiempo de lectura":"4 minutos"},"schema":{"@context":"https:\/\/schema.org","@graph":[{"@type":"WebPage","@id":"https:\/\/modereine.fr\/es\/","url":"https:\/\/modereine.fr\/es\/","name":"ModeReine : Tu blog de belleza","isPartOf":{"@id":"https:\/\/modereine.fr\/es\/#website"},"primaryImageOfPage":{"@id":"https:\/\/modereine.fr\/es\/#primaryimage"},"image":{"@id":"https:\/\/modereine.fr\/es\/#primaryimage"},"thumbnailUrl":"https:\/\/www.modereine.fr\/wp-content\/uploads\/2023\/08\/Design-sans-titre-38.jpg","datePublished":"2021-05-30T12:08:16+00:00","dateModified":"2025-12-18T09:31:55+00:00","breadcrumb":{"@id":"https:\/\/modereine.fr\/es\/#breadcrumb"},"inLanguage":"es","potentialAction":[{"@type":"ReadAction","target":["https:\/\/modereine.fr\/es\/"]}]},{"@type":"ImageObject","inLanguage":"es","@id":"https:\/\/modereine.fr\/es\/#primaryimage","url":"https:\/\/www.modereine.fr\/wp-content\/uploads\/2023\/08\/Design-sans-titre-38.jpg","contentUrl":"https:\/\/www.modereine.fr\/wp-content\/uploads\/2023\/08\/Design-sans-titre-38.jpg"},{"@type":"BreadcrumbList","@id":"https:\/\/modereine.fr\/es\/#breadcrumb","itemListElement":[{"@type":"ListItem","position":1,"name":"Accueil","item":"https:\/\/modereine.fr\/es\/los-secretos-de-la-belleza-natural-descubre-los-consejos-ecorresponsables-del-blog-de-belleza\/"},{"@type":"ListItem","position":2,"name":"Los secretos de la belleza natural: descubre los consejos ecorresponsables del Blog de Belleza"}]},{"@type":"WebSite","@id":"https:\/\/modereine.fr\/es\/#website","url":"https:\/\/modereine.fr\/es\/","name":"Mode Reine","description":"Les secrets de la beaut\u00e9 au naturel: d\u00e9couvrez les astuces \u00e9co-responsables du Blog Beaut\u00e9","potentialAction":[{"@type":"SearchAction","target":{"@type":"EntryPoint","urlTemplate":"https:\/\/modereine.fr\/es\/?s={search_term_string}"},"query-input":"required name=search_term_string"}],"inLanguage":"es"}]}},"_links":{"self":[{"href":"https:\/\/modereine.fr\/es\/wp-json\/wp\/v2\/pages\/1640","targetHints":{"allow":["GET"]}}],"collection":[{"href":"https:\/\/modereine.fr\/es\/wp-json\/wp\/v2\/pages"}],"about":[{"href":"https:\/\/modereine.fr\/es\/wp-json\/wp\/v2\/types\/page"}],"author":[{"embeddable":true,"href":"https:\/\/modereine.fr\/es\/wp-json\/wp\/v2\/users\/1"}],"replies":[{"embeddable":true,"href":"https:\/\/modereine.fr\/es\/wp-json\/wp\/v2\/comments?post=1640"}],"version-history":[{"count":1,"href":"https:\/\/modereine.fr\/es\/wp-json\/wp\/v2\/pages\/1640\/revisions"}],"predecessor-version":[{"id":1660,"href":"https:\/\/modereine.fr\/es\/wp-json\/wp\/v2\/pages\/1640\/revisions\/1660"}],"wp:attachment":[{"href":"https:\/\/modereine.fr\/es\/wp-json\/wp\/v2\/media?parent=1640"}],"curies":[{"name":"wp","href":"https:\/\/api.w.org\/{rel}","templated":true}]}}